{"id":230,"date":"2016-01-30T12:06:21","date_gmt":"2016-01-30T12:06:21","guid":{"rendered":"http:\/\/xn--yeblikkfang-fgb.no\/seminar\/?page_id=230"},"modified":"2024-06-22T15:00:23","modified_gmt":"2024-06-22T13:00:23","slug":"speakers-artists","status":"publish","type":"page","link":"https:\/\/xn--yeblikkfang-fgb.no\/seminar\/speakers-artists\/","title":{"rendered":"Speakers &#038; Artists"},"content":{"rendered":"<div id=\"cs-content\" class=\"cs-content\"><div class=\"x-section e230-e1 m6e-0 m6e-1 m6e-2\"><div class=\"x-row x-container max width e230-e2 m6e-7 m6e-8 m6e-a m6e-b\"><div class=\"x-row-inner\"><div class=\"x-col e230-e3 m6e-11\"><div class=\"x-text x-content e230-e4 m6e-12 m6e-13\">Please follow\u00a0<span style=\"color: #000080;\"><a style=\"color: #000080;\" href=\"https:\/\/www.facebook.com\/oyeblikkfang\/\" target=\"_blank\" rel=\"noopener\">\u00d8yeblikkfang's Facebook page<\/a><\/span> for further information and updates regarding the seminar.<\/div><\/div><\/div><\/div><\/div><div class=\"x-section e230-e5 m6e-0 m6e-3 m6e-4 m6e-5\" id=\"x-content-band-1\"><div class=\"x-row x-container max width e230-e6 m6e-7 m6e-9 m6e-c m6e-d\"><div class=\"x-row-inner\"><div class=\"x-col e230-e7 m6e-11\"><span class=\"x-image e230-e8 m6e-15\"><img decoding=\"async\" src=\"https:\/\/xn--yeblikkfang-fgb.no\/seminar\/wp-content\/uploads\/2016\/09\/la_side.jpg\" width=\"558\" height=\"558\" alt=\"Image\" loading=\"lazy\"><\/span><\/div><div class=\"x-col e230-e9 m6e-11\"><div class=\"x-text x-content e230-e10 m6e-12 m6e-13\"><h3>Prof. Larissa Hjorth<\/h3><\/div><div class=\"x-text x-content e230-e11 m6e-12 m6e-14\"><h6>Artist \/ Digital ethnographer<\/h6><\/div><div class=\"x-text x-content e230-e12 m6e-12 m6e-13\">School of Media &amp; Communication, RMIT University, Melbourne (AU)<br \/>\n<a href=\"mailto:larissa.hjorth@rmit.edu.au\"> <i  class=\"x-icon x-icon-envelope-o\" style=\"text-align: center;      margin: 0 2px; font-size: 1.75em;\" data-x-icon-s=\"&#xf0e0;\" aria-hidden=\"true\"><\/i> <\/a><\/div><\/div><\/div><\/div><\/div><div class=\"x-section e230-e13 m6e-0 m6e-3 m6e-5 m6e-6\"><div class=\"x-row x-container max width e230-e14 m6e-7 m6e-8 m6e-a m6e-e\"><div class=\"x-row-inner\"><div class=\"x-col e230-e15 m6e-11\"><div class=\"x-text x-content e230-e16 m6e-12 m6e-13\"><h5>\"Selfie-as-eulogy: Affective witnessing, intimate publics and the mobile punctum\"<\/h5>\n<p>In this talk I want to argue that the selfie can be understood as a tool for and of digital intimate publics. In particular, I want to focus upon the <em>selfie as a site for misrecognition (Wendt 2015) as well as a vehicle for understanding trauma and grief.<\/em> I will draw from the traumatic events of the South Korean ferry disaster of 2014 whereby over 250 high school children died. In this disaster (called \u201cSewol\u201d) we see the power of the selfie to not only remind us that media has always been social, but that mobile media is challenging how the social is constituted by the <em>political<\/em> and the <em>personal.<\/em><\/p>\n<p>Here social media isn\u2019t just a dissemination or publicity tool. It is part of the multiple seams that bind and unbind the personal to the political, the intimate to the public. While intimacy has always been mediated\u2014if not by media, then by language, gestures and memory\u2014we can see particular manifestations of continuities and discontinuities in and around mobile media practices. In particular, the Sewol disaster demonstrates the role of the selfie-as-eulogy.<\/p>\n<p>In this paper I discuss a few key points in relation to the selfie-as-eulogy phenomenon. Firstly, this paper will consider a working definition of digital intimate publics and the role of affective witnessing (Papailias 2016). Secondly it considers Roland Barthes\u2019s notion of the punctum (1981) in terms of the self-as-eulogy phenomenon.<\/p>\n<p><strong>Acknowledgment:<\/strong> This chapter is part of a broader study with Katie Cumiskey exploring the role of mobile media in processes of loss.<br \/>\n<hr  class=\"x-hr\" ><\/p>\n<p style=\"text-align: left; font-size: 75%;\">Distinguished Professor Larissa Hjorth is an artist and digital ethnographer in the School of Media &amp; Communication, RMIT University. She studies the socio-cultural dimensions of mobile media and play in the Asia-Pacific region. In particular, Hjorth\u2019s work focuses upon intergenerational and cross-cultural approaches.<\/p>\n<p style=\"text-align: left; font-size: 75%;\">Hjorth has over twenty years\u2019 experience working collaboratively upon interdisciplinary projects in the Asia-Pacific region. She combines ethnography with creative work to probe everyday mobile media practices. She also originally trained as an analogue photographer and has watched her four year degree become a filter on Instagram.<\/p><\/div><\/div><\/div><\/div><\/div><div class=\"x-section e230-e17 m6e-0 m6e-2 m6e-3 m6e-4\" id=\"x-content-band-2\"><div class=\"x-row x-container max width e230-e18 m6e-7 m6e-9 m6e-c m6e-f\"><div class=\"x-row-inner\"><div class=\"x-col e230-e19 m6e-11\"><span class=\"x-image e230-e20 m6e-15\"><img decoding=\"async\" src=\"https:\/\/xn--yeblikkfang-fgb.no\/seminar\/wp-content\/uploads\/2016\/05\/AK-profile.jpg\" width=\"800\" height=\"800\" alt=\"Image\" loading=\"lazy\"><\/span><\/div><div class=\"x-col e230-e21 m6e-11\"><div class=\"x-text x-content e230-e22 m6e-12 m6e-13\"><h3>Dr. Adi Kuntsman<\/h3><\/div><div class=\"x-text x-content e230-e23 m6e-12 m6e-14\"><h6>Researcher \/ Author<\/h6><\/div><div class=\"x-text x-content e230-e24 m6e-12 m6e-13\"><p>Department of Languages, Information and Communications, Manchester Metropolitan University (UK)<br \/>\n<a href=\"mailto:A.Kuntsman@mmu.ac.uk\"> <i  class=\"x-icon x-icon-envelope-o\" style=\"text-align: center;      margin: 0 2px; font-size: 1.75em;\" data-x-icon-s=\"&#xf0e0;\" aria-hidden=\"true\"><\/i> <\/a><a href=\"https:\/\/www.linkedin.com\/pub\/adi-kuntsman\/b\/43a\/b25\"> <i  class=\"x-icon x-icon-linkedin-square\" style=\"text-align: center;      margin: 0 2px; font-size: 1.75em;\" data-x-icon-b=\"&#xf08c;\" aria-hidden=\"true\"><\/i><\/a><a href=\"https:\/\/twitter.com\/Dr_Ku\"> <i  class=\"x-icon x-icon-twitter\" style=\"text-align: center;      margin: 0 2px; font-size: 1.75em;\" data-x-icon-b=\"&#xf099;\" aria-hidden=\"true\"><\/i> <\/a><a href=\"http:\/\/mmu.academia.edu\/AdiKuntsman\"> <i  class=\"x-icon x-icon-font\" style=\"text-align: center;      margin: 0 2px; font-size: 1.75em;\" data-x-icon-s=\"&#xf031;\" aria-hidden=\"true\"><\/i> <\/a><a href=\"https:\/\/sites.google.com\/site\/adikuntsman\/\"> <i  class=\"x-icon x-icon-home\" style=\"text-align: center;      margin: 0 2px; font-size: 1.75em;\" data-x-icon-s=\"&#xf015;\" aria-hidden=\"true\"><\/i><\/a><\/div><\/div><\/div><\/div><\/div><div class=\"x-section e230-e25 m6e-0 m6e-2 m6e-3 m6e-6\"><div class=\"x-row x-container max width e230-e26 m6e-7 m6e-8 m6e-a m6e-g\"><div class=\"x-row-inner\"><div class=\"x-col e230-e27 m6e-11\"><div class=\"x-text x-content e230-e28 m6e-12 m6e-13\"><h5>\"Thinking selfies politically\"<\/h5>\n<p>The talk will bring together materials from my recently published book (with Rebecca L. Stein), Digital Militarism, on the phenomenon of \u201cselfie militarism\u201d \u2013 the use of selfies by soldiers on and off battlefield, and my new work on \u201cselfie citizenship\u201d which examines political uses of selfies in various locations, their global circulation, and their changing currency.<br \/>\n<hr  class=\"x-hr\" ><\/p>\n<p style=\"text-align: left; font-size: 75%;\">Adi Kuntsman\u2019s work lies at the intersection of cybercultures\/digital and social media; anti-colonial and feminist scholarship; queer theory; and social research on war, nationalism and colonialism. Adi\u2019s fields of geographic and thematic interest are broad and diverse: she has written on queer racisms in Israel-Palestine; on sexuality and class in Gulag historiography; on digital horizons of hatred in post-Soviet diaspora; and on social media in militarized settings across the world. The common thread in all of her work is her interest in violence \u2013 its affective economy and its cultural imageries, its seductive power and its bargaining value. More specifically, Adi explores the political effects of living with violence as a perpetrator, a spectator, a bystander, or a complicit beneficiary.<\/p>\n<p style=\"text-align: left; font-size: 75%;\">Adi is the author of <em>Figurations of Violence and Belonging: Queerness, Mingranthood and Nationalism in Cyberspace and Beyond<\/em> (2009), and the co-editor of <em>Queer Necropolitics<\/em> (with Jin Haritaworn and Silvia Posocco, 2014); <em>Digital Cultures and the Politics of Emotion: Feelings, Affect and Technologica Change<\/em> (with Athina Karatzogianni, 2012); and <em>Out of Place: Interrogating Silences in Queerness\/ Raciality<\/em> (with Esperanza Miyake, 2008). Adi\u2019s new book, <em>DigitalMilitarism: Israeli Occupation in the Social Media Age<\/em> (co-authored with Rebecca L. Stein) , has just come out from Stanford University Press. It examines mobile technologies and social media as tools, sites, and languages of Israeli militarist violence in its ordinary, everyday forms.<\/p>\n<\/div><\/div><\/div><\/div><\/div><div class=\"x-section e230-e29 m6e-0 m6e-3 m6e-4 m6e-5\" id=\"x-content-band-3\"><div class=\"x-row x-container max width e230-e30 m6e-7 m6e-9 m6e-c m6e-h\"><div class=\"x-row-inner\"><div class=\"x-col e230-e31 m6e-11\"><span class=\"x-image e230-e32 m6e-15\"><img decoding=\"async\" src=\"https:\/\/xn--yeblikkfang-fgb.no\/seminar\/wp-content\/uploads\/2016\/02\/Amparo_1014x1014.png\" width=\"1014\" height=\"1014\" alt=\"Image\" loading=\"lazy\"><\/span><\/div><div class=\"x-col e230-e33 m6e-11\"><div class=\"x-text x-content e230-e34 m6e-12 m6e-13\"><h3>Prof. Amparo Las\u00e9n<\/h3><\/div><div class=\"x-text x-content e230-e35 m6e-12 m6e-14\"><h6>Professor of Sociology<\/h6><\/div><div class=\"x-text x-content e230-e36 m6e-12 m6e-13\"><p>Departamento de Sociolog\u00eda I, Complutense University of Madrid (Spain)<br \/>\n<a href=\"https:\/\/twitter.com\/amparo\"> <i  class=\"x-icon x-icon-envelope-o\" style=\"text-align: center;      margin: 0 2px; font-size: 1.75em;\" data-x-icon-s=\"&#xf0e0;\" aria-hidden=\"true\"><\/i> <\/a><a href=\"mailto:alasen@cps.ucm.es\"> <i  class=\"x-icon x-icon-twitter\" style=\"text-align: center;      margin: 0 2px; font-size: 1.75em;\" data-x-icon-b=\"&#xf099;\" aria-hidden=\"true\"><\/i> <\/a><a href=\"http:\/\/ucm.academia.edu\/AmparoLas\u00e9n\"> <i  class=\"x-icon x-icon-font\" style=\"text-align: center;      margin: 0 2px; font-size: 1.75em;\" data-x-icon-s=\"&#xf031;\" aria-hidden=\"true\"><\/i> <\/a><a href=\"http:\/\/sociologiaordinaria.com\"> <i  class=\"x-icon x-icon-home\" style=\"text-align: center;      margin: 0 2px; font-size: 1.75em;\" data-x-icon-s=\"&#xf015;\" aria-hidden=\"true\"><\/i><\/a><\/div><\/div><\/div><\/div><\/div><div class=\"x-section e230-e37 m6e-0 m6e-3 m6e-5 m6e-6\"><div class=\"x-row x-container max width e230-e38 m6e-7 m6e-8 m6e-a m6e-i\"><div class=\"x-row-inner\"><div class=\"x-col e230-e39 m6e-11\"><div class=\"x-text x-content e230-e40 m6e-12 m6e-13\"><h5>\"Digital Self-Portraits and the Modulation of Intimacy\"<\/h5>\n<p>Drawing on empirical research about the production and sharing of digital self-portraits, carried out with adults (25-45 years old) in Madrid, this talk discusses how self-portraits practices and their display and exchange entail three different and interrelated aspects: presentation, representation and embodiment, involved in contemporary ways of creating, sustaining and modulating intimacy.<br \/>\n<hr  class=\"x-hr\" ><\/p>\n<p style=\"text-align: left; font-size: 75%;\">Amparo Las\u00e9n, holds a Ph.D. from the University Paris V-La Sorbonne. She is Professor of Sociology at the University Complutense de Madrid and member of the research group Sociolog\u00eda Ordinaria www.sociologiaordinaria.com. Her research focuses on the social implications of the usages, practices and presence of ICT especially in relationship with affectivity, the configuration of contemporary subjectivities and intimacies, and everyday life. Prior to her current position, she was the Vodafone Surrey Scholar at the DWRC of Surrey University, where she conducted cross-cultural research on mobile phone uses and practices. She has been academic visitor at the Department of Sociology of the LSE and researcher of the CEAQ (Centre d\u2019\u00c9tudes de l\u2019Actuel et du Quotidien) Paris V-La Sorbonne.<\/p><\/div><\/div><\/div><\/div><\/div><div class=\"x-section e230-e41 m6e-0 m6e-2 m6e-3 m6e-4\" id=\"x-content-band-4\"><div class=\"x-row x-container max width e230-e42 m6e-7 m6e-9 m6e-c m6e-j\"><div class=\"x-row-inner\"><div class=\"x-col e230-e43 m6e-11\"><span class=\"x-image e230-e44 m6e-15\"><img decoding=\"async\" src=\"https:\/\/xn--yeblikkfang-fgb.no\/seminar\/wp-content\/uploads\/2016\/02\/mSandbye_800px.png\" width=\"800\" height=\"800\" alt=\"Image\" loading=\"lazy\"><\/span><\/div><div class=\"x-col e230-e45 m6e-11\"><div class=\"x-text x-content e230-e46 m6e-12 m6e-13\"><h3>Prof. Mette Sandbye<\/h3><\/div><div class=\"x-text x-content e230-e47 m6e-12 m6e-14\"><h6>Professor of Photography Studies<\/h6><\/div><div class=\"x-text x-content e230-e48 m6e-12 m6e-13\"><p>Department of Arts and Cultural Studies, University of Copenhagen (Denmark)<br \/>\n<a href=\"mailto:sandbye@hum.ku.dk\"> <i  class=\"x-icon x-icon-envelope-o\" style=\"text-align: center;      margin: 0 2px; font-size: 1.75em;\" data-x-icon-s=\"&#xf0e0;\" aria-hidden=\"true\"><\/i> <\/a><a href=\"http:\/\/artsandculturalstudies.ku.dk\/staff\/?pure=en\/persons\/14792\"> <i  class=\"x-icon x-icon-home\" style=\"text-align: center;      margin: 0 2px; font-size: 1.75em;\" data-x-icon-s=\"&#xf015;\" aria-hidden=\"true\"><\/i><\/a><\/div><\/div><\/div><\/div><\/div><div class=\"x-section e230-e49 m6e-0 m6e-2 m6e-3 m6e-6\"><div class=\"x-row x-container max width e230-e50 m6e-7 m6e-8 m6e-a m6e-k\"><div class=\"x-row-inner\"><div class=\"x-col e230-e51 m6e-11\"><div class=\"x-text x-content e230-e52 m6e-12 m6e-13\"><h5>\"Selfies and Purikura as Affective, Aesthetic Labor\"<\/h5>\n<p>Is the selfie a sign of conformity and adjustment to at the same time the machine, stereotypical imagery and group mentality? Or is it the opposite: can we speak of a free, creative and highly gestural play with identity, gender, sexuality etc.? What is the social value of this kind of photography and which kind of affect does it produce?<\/p>\n<p>This talk addresses vernacular or everyday photography as a subtle, but nevertheless important, locus of negotiating gender, the body and identity politics. Looking at the selfie phenomenon through the much older Japanese photo-booth photography, purikura, and using Kaja Silverman\u2019s term \u201cthe good enough\u201d, developed in her analysis of Cindy Sherman\u2019s \u201cUntitled Filmstills\u201d, I want to argue for an open and dialectical approach to those kinds of popular photography genres with an eye for both stereotypical and liberating aspects of vernacular self-portraiture. I will argue that the selfie can produce in us a conscious understanding of the nature of the images through which we see are seen in contemporary visual culture.<br \/>\n<hr  class=\"x-hr\" ><\/p>\n<p style=\"text-align: left; font-size: 75%;\">Mette Sandbye is Professor of Photography Studies and since 2012 Head of the Department of Arts and Cultural Studies at the University of Copenhagen. She currently researches the relationship between amateur photography and collective history since the 1960s. She has written extensively on photography and contemporary art for more than 20 years. She was the editor of the first Danish history of photography (Dansk Fotografihistorie, 2004), and she has published numerous books (among them Kedelige Billeder. Fotografiets snapshot\u00e6stetik, 2007, and Mindesm\u00e6rker,. Tid og erindring i fotografiet, 2001) and articles on contemporary art photography and photography as part of visual culture. Her publications in English include: Symbolic Imprints. Photography and Visual Culture (eds. LK Bertelsen, R Gade, M Sandbye 1999), \u201cMaking Pictures Talk\u201d, in Re-investing Authenticity. Tourism, Place &amp; Emotions (eds. BT Knudsen and AM Waade 2010), \u201cThe Family Photo Album as Transformed Social Space in the Age of \u2018Web 2.0\u2019\u201d, in Throughout (ed. U. Ekman 2013), \u201cLooking at the Family Photo Album. A resumed theoretical discussion of how\u201d, Journal of Aesthetics &amp; Culture, 2014, vol 6, \u201cIt Has Not Been - It Is. The Signaletic Transformation of Photography\u201d, in Photomediations: A Reader (eds. K. Kuc &amp; J. Zylinska 2016). In 2010 she was a member of the Hasselblad Award committee, and 2007-2011 she was a member of the Danish Arts Council, board of visual arts. Her latest book is Digital Snaps. The New Face of Photography (2014), edited with Jonas Larsen.<\/p><\/div><\/div><\/div><\/div><\/div><div class=\"x-section e230-e53 m6e-0 m6e-3 m6e-4 m6e-5\" id=\"x-content-band-5\"><div class=\"x-row x-container max width e230-e54 m6e-7 m6e-9 m6e-c m6e-l\"><div class=\"x-row-inner\"><div class=\"x-col e230-e55 m6e-11\"><span class=\"x-image e230-e56 m6e-15\"><img decoding=\"async\" src=\"https:\/\/xn--yeblikkfang-fgb.no\/seminar\/wp-content\/uploads\/2016\/05\/anne.png\" width=\"360\" height=\"360\" alt=\"Image\" loading=\"lazy\"><\/span><\/div><div class=\"x-col e230-e57 m6e-11\"><div class=\"x-text x-content e230-e58 m6e-12 m6e-13\"><h3>Dr. Anne Burns<\/h3><\/div><div class=\"x-text x-content e230-e59 m6e-12 m6e-14\"><h6>Research associate<\/h6><\/div><div class=\"x-text x-content e230-e60 m6e-12 m6e-13\"><p>Visual Social Media Lab, University of Sheffield (UK)<br \/>\n<a href=\"mailto:a.l.burns@sheffield.ac.uk\"> <i  class=\"x-icon x-icon-envelope-o\" style=\"text-align: center;      margin: 0 2px; font-size: 1.75em;\" data-x-icon-s=\"&#xf0e0;\" aria-hidden=\"true\"><\/i> <\/a><a href=\"http:\/\/visualsocialmedialab.org\/core-team\/anne-burns\"> <i  class=\"x-icon x-icon-home\" style=\"text-align: center;      margin: 0 2px; font-size: 1.75em;\" data-x-icon-s=\"&#xf015;\" aria-hidden=\"true\"><\/i><\/a><\/div><\/div><\/div><\/div><\/div><div class=\"x-section e230-e61 m6e-0 m6e-3 m6e-5 m6e-6\"><div class=\"x-row x-container max width e230-e62 m6e-7 m6e-8 m6e-a m6e-m\"><div class=\"x-row-inner\"><div class=\"x-col e230-e63 m6e-11\"><div class=\"x-text x-content e230-e64 m6e-12 m6e-13\"><h5>\"Selfies as a Cultural Trope\"<\/h5>\n<p>Following on from my PhD research, this talk will consider how selfies - or rather the idea of selfies - are used as a cultural trope. By being associated within popular culture with certain character traits, such as narcissism and a lack of attention, selfies have become a shorthand for anxieties about young people, and about young women in particular.<hr  class=\"x-hr\" ><\/p>\n<p style=\"text-align: left; font-size: 75%;\">Anne Burns is the Research Associate on the Imaging Sheffield study, which is part of the Visual Social Media Lab\u2019s Picturing the Social project at the University of Sheffield. This study uses an ethnographic approach to consider a variety of photographic sharing practices on social media.<\/p>\n<p style=\"text-align: left; font-size: 75%;\">Anne\u2019s PhD research looked at the connection between photographic practice and social discipline, by examining how the devaluing of certain types of photograph (such as selfies) or behaviour (such as the pouting \u2018duckface\u2019) within popular discourse is used to classify and marginalize women. She also considered how involuntary pornography (sometimes called \u2018revenge porn\u2019) features a distortion of feminist goals of choice\u2019 in order to legitimize victims\u2019 humiliation and punishment.<\/p>\n<p style=\"text-align: left; font-size: 75%;\">Prior to commencing her PhD, Anne was a photography demonstrator at the University of Salford, and worked as a photographer at a high-street portrait studio.<\/p><\/div><\/div><\/div><\/div><\/div><div class=\"x-section e230-e65 m6e-0 m6e-2 m6e-3 m6e-4\" id=\"x-content-band-6\"><div class=\"x-row x-container max width e230-e66 m6e-7 m6e-9 m6e-c m6e-n\"><div class=\"x-row-inner\"><div class=\"x-col e230-e67 m6e-11\"><span class=\"x-image e230-e68 m6e-15\"><img decoding=\"async\" src=\"https:\/\/xn--yeblikkfang-fgb.no\/seminar\/wp-content\/uploads\/2016\/05\/portrait-LW_emma-skerfe-fot.png\" width=\"613\" height=\"613\" alt=\"Image\" loading=\"lazy\"><\/span><\/div><div class=\"x-col e230-e69 m6e-11\"><div class=\"x-text x-content e230-e70 m6e-12 m6e-13\"><h3>Dr. Louise Wolthers<\/h3><\/div><div class=\"x-text x-content e230-e71 m6e-12 m6e-14\"><h6>Research Manager<\/h6><\/div><div class=\"x-text x-content e230-e72 m6e-12 m6e-13\"><p>Hasselblad Foundation (Sweden)<br \/>\n<a href=\"mailto:louise.wolthers@hasselbladfoundation.org\"> <i  class=\"x-icon x-icon-envelope-o\" style=\"text-align: center;      margin: 0 2px; font-size: 1.75em;\" data-x-icon-s=\"&#xf0e0;\" aria-hidden=\"true\"><\/i> <\/a><a href=\"http:\/\/www.hasselbladfoundation.org\"> <i  class=\"x-icon x-icon-home\" style=\"text-align: center;      margin: 0 2px; font-size: 1.75em;\" data-x-icon-s=\"&#xf015;\" aria-hidden=\"true\"><\/i><\/a><\/div><\/div><\/div><\/div><\/div><div class=\"x-section e230-e73 m6e-0 m6e-2 m6e-3 m6e-6\"><div class=\"x-row x-container max width e230-e74 m6e-7 m6e-8 m6e-a m6e-o\"><div class=\"x-row-inner\"><div class=\"x-col e230-e75 m6e-11\"><div class=\"x-text x-content e230-e76 m6e-12 m6e-13\"><h5>\"Self-imagery: Sousveillance, Interveillance and Other Counter-Surveillance Strategies\"<\/h5>\n<p>The digitization of photography and its mediation informs contemporary practices of state and social surveillance, but also creates potentials for counter-surveillance as well as inclusive, enabling monitoring of both privileged users and vulnerable subjects. Thinking through examples of photographic registration in everyday surveillance, the talk will address various types of self-imagery by artists and activists as strategies of \u2018sousveillance\u2019 and \u2018interveillance\u2019.<hr  class=\"x-hr\" ><\/p>\n<p style=\"text-align: left; font-size: 75%;\">Louise Wolthers, PhD in Art History from the University of Copenhagen.<br \/>\nPost.doc. at The National Gallery of Denmark 2009-2011. Since 2012 Curator, Researcher and Research Manager at The Hasselblad Foundation, Gothenburg, Sweden.<\/p>\n<p style=\"text-align: left; font-size: 75%;\">The position at The Hasselblad Foundation includes curatorial and editorial work, writing and publishing, arranging public symposia and giving lectures nationally and internationally. Current research and curatorial projects include WATCHED! Surveillance, Art and Photography, which is resulting in a touring exhibition (opening May, 2016 at The Hasselblad Center) and a publication (Verlag der Buchhandlung Walther K\u00f6nig, 2016). Recent edited publications include: Wolfgang Tillmans, What\u2019s Wrong with redistribution? (Verlag der Buchhandlung Walther K\u00f6nig: 2015); Framing Bodies (Art &amp; Theory: 2015); Ishiuchi Miyako: Hasselblad Award 2014 (Kehrer: 2014); Mellan Verkligheter: Fotografi i Sverige \/ Between Realities: Photography in Sweden 1970-2000 (Arena: 2014); Joan Fontcuberta: The Nature of Photography \/ The Photography of Nature (MACK: 2013); and the research publication series NEGATIVE (Art &amp; Theory: 2014 -). Recent academic publications include: \u2018Imagining Migration in Europe: Surveillance and Other Visibilities\u2019 (Photographic Powers, Aalto University: 2015); \u2018M\u00e5nfotografierna. Historiska bilder i en brytningstid\u2019 (En m\u00e5lad historia. G\u00f6teborgs Konstmuseum: 2014); \u2018Virtual Selves: Art and Digital Autobiography\u2019 (The New Face of Snapshot Photography. I.B. Tauris: 2014); \u2018Mobile monitoring: Self-tracking in counter-surveillance art\u2019 (Representational Machines. Photography and the Production of Space. Aarhus University Press: 2013).<\/p>\n<p style=\"text-align: left; font-size: 75%;\">Member of the Research Board, Valand Academy of Art, Gothenburg University, and of the Editorial Advisory Board of photographies (Routledge).<\/p><\/div><\/div><\/div><\/div><\/div><div class=\"x-section e230-e77 m6e-0 m6e-3 m6e-4 m6e-5\" id=\"x-content-band-7\"><div class=\"x-row x-container max width e230-e78 m6e-7 m6e-9 m6e-c m6e-p\"><div class=\"x-row-inner\"><div class=\"x-col e230-e79 m6e-11\"><span class=\"x-image e230-e80 m6e-15\"><img decoding=\"async\" src=\"https:\/\/xn--yeblikkfang-fgb.no\/seminar\/wp-content\/uploads\/2016\/09\/Stefan-Schroder_1000x1000.png\" width=\"1000\" height=\"1000\" alt=\"Image\" loading=\"lazy\"><\/span><\/div><div class=\"x-col e230-e81 m6e-11\"><div class=\"x-text x-content e230-e82 m6e-12 m6e-13\"><h3>Stefan Schr&ouml;der<\/h3><\/div><div class=\"x-text x-content e230-e83 m6e-12 m6e-14\"><h6>Artist<\/h6><\/div><div class=\"x-text x-content e230-e84 m6e-12 m6e-13\"><p><a href=\"mailto:stefanschroedermail@gmail.com\"> <i  class=\"x-icon x-icon-envelope-o\" style=\"text-align: center;      margin: 0 2px; font-size: 1.75em;\" data-x-icon-s=\"&#xf0e0;\" aria-hidden=\"true\"><\/i> <\/a><a href=\"skype:stefanschroederoslo?call\"> <i  class=\"x-icon x-icon-skype\" style=\"text-align: center;      margin: 0 2px; font-size: 1.75em;\" data-x-icon-b=\"&#xf17e;\" aria-hidden=\"true\"><\/i> <\/a><a href=\"https:\/\/www.facebook.com\/stefan.schroder.562\"> <i  class=\"x-icon x-icon-facebook-official\" style=\"text-align: center;      margin: 0 2px; font-size: 1.75em;\" data-x-icon-b=\"&#xf09a;\" aria-hidden=\"true\"><\/i><\/a><a href=\"http:\/\/www.instagram.com\/stefanschroederl\/\"> <i  class=\"x-icon x-icon-instagram\" style=\"text-align: center;      margin: 0 2px; font-size: 1.75em;\" data-x-icon-b=\"&#xf16d;\" aria-hidden=\"true\"><\/i><\/a><a href=\"http:\/\/schroederstefan.com\"> <i  class=\"x-icon x-icon-home\" style=\"text-align: center;      margin: 0 2px; font-size: 1.75em;\" data-x-icon-s=\"&#xf015;\" aria-hidden=\"true\"><\/i><\/a><a href=\"http:\/\/tenthaus.no\"> <i  class=\"x-icon x-icon-users\" style=\"text-align: center;      margin: 0 2px; font-size: 1.75em;\" data-x-icon-s=\"&#xf0c0;\" aria-hidden=\"true\"><\/i><\/a><\/div><\/div><\/div><\/div><\/div><div class=\"x-section e230-e85 m6e-0 m6e-3 m6e-5 m6e-6\"><div class=\"x-row x-container max width e230-e86 m6e-7 m6e-8 m6e-a m6e-q\"><div class=\"x-row-inner\"><div class=\"x-col e230-e87 m6e-11\"><div class=\"x-text x-content e230-e88 m6e-12 m6e-13\"><h5>\"Contributor\" (2004-)<\/h5>\n<p><em>Contributor<\/em> is an ongoing series of photographic self-portraits that was started in 2004. It shows me in different working situations at different places in Norway and Germany. In some of these pictures, I can be seen working on my own projects, in others, I am working on the projects of friends, colleagues or business partners. Either way, the photographs depict me contributing my ideas, experience, time and energy to something that needs to be done. In <em>Contributor<\/em>, the short-term energy of the workplace is translated into the long-term power of the image. In working on this series, I have been able to transform my position from that of a (working) subject to that of a (watching) observer. The selected photographs allow me to share my work experience with a wider audience.<br \/>\n<hr  class=\"x-hr\" ><\/p>\n<p style=\"text-align: left; font-size: 75%;\">German born and Oslo based visual artist Stefan Schr\u00f6der (1966) is educated from Art Academy in Dresden (GER) and Breda (NL). His recent works include various public commissions in Germany and Norway as well as a series of analog photography (Contributor, 2004 - on going) which deals with personal working experiances at various building sites and art institutions. He is co-founder and co-director of Tenthaus Oslo, a non commercial project space in Oslo.<\/p><\/div><\/div><\/div><\/div><\/div><div class=\"x-section e230-e89 m6e-0 m6e-2 m6e-3 m6e-4\" id=\"x-content-band-8\"><div class=\"x-row x-container max width e230-e90 m6e-7 m6e-9 m6e-c m6e-r\"><div class=\"x-row-inner\"><div class=\"x-col e230-e91 m6e-11\"><span class=\"x-image e230-e92 m6e-15\"><img decoding=\"async\" src=\"https:\/\/xn--yeblikkfang-fgb.no\/seminar\/wp-content\/uploads\/2016\/08\/TBB_portrett_MG_5927.jpg\" width=\"1000\" height=\"1000\" alt=\"Image\" loading=\"lazy\"><\/span><\/div><div class=\"x-col e230-e93 m6e-11\"><div class=\"x-text x-content e230-e94 m6e-12 m6e-13\"><h3>Tonje B&oslash;e Birkeland<\/h3><\/div><div class=\"x-text x-content e230-e95 m6e-12 m6e-14\"><h6>Artist<\/h6><\/div><div class=\"x-text x-content e230-e96 m6e-12 m6e-13\"><p><a href=\"mailto:tonjeart@gmail.com\"> <i  class=\"x-icon x-icon-envelope-o\" style=\"text-align: center;      margin: 0 2px; font-size: 1.75em;\" data-x-icon-s=\"&#xf0e0;\" aria-hidden=\"true\"><\/i> <\/a><a href=\"http:\/\/tonjebirkeland.com\"> <i  class=\"x-icon x-icon-home\" style=\"text-align: center;      margin: 0 2px; font-size: 1.75em;\" data-x-icon-s=\"&#xf015;\" aria-hidden=\"true\"><\/i><\/a><\/div><\/div><\/div><\/div><\/div><div class=\"x-section e230-e97 m6e-0 m6e-2 m6e-3 m6e-6\"><div class=\"x-row x-container max width e230-e98 m6e-7 m6e-8 m6e-a m6e-s\"><div class=\"x-row-inner\"><div class=\"x-col e230-e99 m6e-11\"><div class=\"x-text x-content e230-e100 m6e-12 m6e-13\"><h5>\"The Characters\"(2008-)<\/h5>\n<p><em>When you come across something, something old, as you touch it, you touch time. The air around your face carries the scent of an era, not of old and fungus but of body, powder, leather, perfume, gasoline: all the things that were there. All these unnecessary necessities that fill our lives, things that filled lives then. As you take hold of the object, you\u2019re afraid of breaking it. Still you don\u2019t want to let go. You inspect and sense: look, stroke, push, bend, turn and tilt. If it is wearable, you put it on. You search for the nearest mirror, making this thing a part of you. If it is too tight you hold in your stomach, you try to breathe carefully to not tear the fragile fabric across your ribs or shoulders, and as the garment finally slips down your chest you bless your small breasts. Or you curse your thighs, as the skirt refuses to be pulled all the way up \u2013 it goes no further than your knees \u2013 and this moment you swear to never run your miles again. The only mile you want to run right now is the one that can take you back in time. <\/em><\/p>\n<p>Clutching an object, trying it on, finding that it did fit you perfectly, without any struggle. Bending across her leather suitcase, on your knees, looking at your own reflection in an old mirror. Her sunglasses fit your face, rest comfortably on your nose. The rubber band keeps them up without too much pressure on your temples. The frames rest on your cheekbones. Imagine looking through those orange glasses. As you return your own gaze, fiction, reality and your life meet in a reflection.<\/p>\n<p>The tale became my quest, conscience and concern. I would like to say it was my fantasy, dreams and desires, but as this hunt is my work, my artistic practice, it was far more real, physical and bothersome than a dream. One could say it bordered on an obsession.*<\/p>\n<p style=\"text-align: left; font-size: 60%;\">*Introduction, THE CHARACTERS I-IV, artist book by Tonje B\u00f8e Birkeland<\/p>\n<p><hr  class=\"x-hr\" >The objective of THE CHARACTERS is to encapsulate an entire artistic practice. Since 2008 I have, through THE CHARACTERS, given women a position within landscape while exploring the authenticity of history. On expedition, female explorers are staged in Unknown Territory. THE CHARACTERS are self-portraits expounding time and place, investigating personality and physical limits.<\/p>\n<p>Materials have been gathered from before, during and after their journeys, yielding stories and installations with photography in large formats portraying Character #I-V:<\/p>\n<p>Character #I ALINE VICTORIA BIRKELAND (1870-1952), geologist and glaciologist, travels in the high Arctic and on Spitsbergen. She makes an important discovery, but due to the times she lives in, she considers it necessary to cover up what she finds. She buries a crate in the mountainside behind Grumant.<\/p>\n<p>Character #II TUVA TENGEL (1901-1985), desert traveller, author and photographer, travels in the Gobi Desert, Mongolia. She brings her camera and notebook and travels south towards the sun. She enters Unknown Territory.<\/p>\n<p>Character #III LUELLE MAGDALON LUMI\u00c8RE (1873-1973), stereophotographer and poet \u2013 a traveller among islands, societies and continents. Luelle journeyed to New York, the Orkney Islands, and later to the mountains of western Norway.<\/p>\n<p>Character #IV ANNA AURORA ASTRUP (1871-1968) sails along the East Coast of Greenland in 1900. Astrup charts sea depth, mountain peaks and coastline. She makes first ascents of Mount Aurora and Astrups Horn.<\/p>\n<p>Character #V BERTHA BOLETTE BOYD (1900-1985) travels in Bhutan in April 1931. Bertha has read Castles in the Air (National Geographic Journal: 1915). She hikes at high altidtude, up to 4700 MAMSL.<\/p>\n<p>THE CHARACTERS came about in part due to my relationship with nature, and in part due to the polar explorers who were instrumental in defining Norway as a nation (albeit with a problematic consequence: nationalism).<\/p>\n<p>THE CHARACTERS demand physical presence as well as sensitivity for storytelling. Each project leads closer to the objective of a gallery of personas of female heroines from the past, who through narrative, fantasy and photography can fill a void in our history and reveal contemporary society\u2019s challenges: globalized colonization on the one hand and the loss of the great adventure on the other.<br \/>\n<hr  class=\"x-hr\" ><\/p>\n<p style=\"text-align: left; font-size: 75%;\">Tonje B\u00f8e Birkeland (born 1985 in Bergen, Norway) received her Master\u2019s degree in Fine Art at Bergen Academy of Art and Design in 2012. She was awarded with the Hasselblad Foundation\u2019s Victor Fellowship 2012 for her contribution Tuva Tengel (1901-1985) Letters from Mongolia exhibited as part of New Nordic Photography at Hasselblad Center, Gothenburg. Hasselblad Foundation\u2019s Victor Fellowship sponsored her stay at International Studio &amp; Curatorial Program (ISCP) in Brooklyn, New York. Recent shows include inner &amp; Outer Landscapes by Fotografisk Center, Copenhagen, Darkness &amp; Light at Scandinavia House, New York, Types and Archetypes at Galleri F15, Moss, Norway, Life is the Only Way at Bontelabo, Bergen, Norway and Character # IV Anna Aurora Astrup at fotogalleriet [format], Malm\u00f6, Sweden.The National Public Art Council Sweden, Nya Karolinska, Hasselblad Foundation and Preus Museum have Birkeland\u2019s works in their collections. In 2016 her work will be displayed at Fotogalleriet and Preus Museum.<\/p><\/div><\/div><\/div><\/div><\/div><div class=\"x-section e230-e101 m6e-0 m6e-3 m6e-4 m6e-5\" id=\"x-content-band-9\"><div class=\"x-row x-container max width e230-e102 m6e-7 m6e-9 m6e-c m6e-t\"><div class=\"x-row-inner\"><div class=\"x-col e230-e103 m6e-11\"><span class=\"x-image e230-e104 m6e-15\"><img decoding=\"async\" src=\"https:\/\/xn--yeblikkfang-fgb.no\/seminar\/wp-content\/uploads\/2016\/08\/TheraMjaaland.jpg\" width=\"1191\" height=\"1191\" alt=\"Image\" loading=\"lazy\"><\/span><\/div><div class=\"x-col e230-e105 m6e-11\"><div class=\"x-text x-content e230-e106 m6e-12 m6e-13\"><h3>Tonje B&oslash;e Birkeland<\/h3><\/div><div class=\"x-text x-content e230-e107 m6e-12 m6e-14\"><h6>Artist<\/h6><\/div><div class=\"x-text x-content e230-e108 m6e-12 m6e-13\"><p>Photographer and social anthropologist<br \/>\n<a href=\"mailto:theramjaaland@yahoo.com\"> <i  class=\"x-icon x-icon-envelope-o\" style=\"text-align: center;      margin: 0 2px; font-size: 1.75em;\" data-x-icon-s=\"&#xf0e0;\" aria-hidden=\"true\"><\/i> <\/a><a href=\"skype:theramjaaland?call\"> <i  class=\"x-icon x-icon-skype\" style=\"text-align: center;      margin: 0 2px; font-size: 1.75em;\" data-x-icon-b=\"&#xf17e;\" aria-hidden=\"true\"><\/i> <\/a><a href=\"https:\/\/uib.academia.edu\/TheraMjaaland\"> <i  class=\"x-icon x-icon-font\" style=\"text-align: center;      margin: 0 2px; font-size: 1.75em;\" data-x-icon-s=\"&#xf031;\" aria-hidden=\"true\"><\/i> <\/a><a href=\"http:\/\/thera.no\"> <i  class=\"x-icon x-icon-home\" style=\"text-align: center;      margin: 0 2px; font-size: 1.75em;\" data-x-icon-s=\"&#xf015;\" aria-hidden=\"true\"><\/i><\/a><\/div><\/div><\/div><\/div><\/div><div class=\"x-section e230-e109 m6e-0 m6e-3 m6e-5 m6e-6\"><div class=\"x-row x-container max width e230-e110 m6e-7 m6e-8 m6e-a m6e-u\"><div class=\"x-row-inner\"><div class=\"x-col e230-e111 m6e-11\"><div class=\"x-text x-content e230-e112 m6e-12 m6e-13\"><h5>\"The travelling self\"<\/h5>\n<p>The self-portraits presented here relate to both inner travels and actual travelling in the world. Place, in this series, is understood as generating a space for self-representation at the intersection of private self-exploration and collective imaginaries. The discussion is based on an exploration of when a photographic image moves beyond what is commonly considered a \u201cgood\u201d or sufficient representation of a self.<br \/>\n<hr  class=\"x-hr\" ><\/p>\n<p style=\"text-align: left; font-size: 75%;\">Dr. Thera Mjaaland is a photographer and social anthropologist. She started her art career with a Diploma in Photography from Bournemouth &amp; Poole College of Art (1980), and exhibited frequently in Norway and abroad up until the mid-1990s. She was appointed assistant professor in photography at Bergen Academy of Art and Design (1996-1999), where she also served as dean for the Department of Specialised Arts for two years (1999-2000). Her travelling as a photographer, especially in the East-African countries Eritrea and Ethiopia since 1993, aroused an interest in social anthropology that resulted in a MA degree (2004) as well as a PhD in Gender and Development at the University of Bergen (2013). Methodological use of photography in research has been an integral part of her academic work. Mjaaland is interested in what she sees as an artificial schism between art and science, and is concerned with visual knowledge production at the intersection of experience-based artistic and anthropological practices. Her self-portrait project traverses her art and academic careers.<\/p><\/div><\/div><\/div><\/div><\/div><div class=\"x-section e230-e113 m6e-0 m6e-2 m6e-3 m6e-4\" id=\"x-content-band-10\"><div class=\"x-row x-container max width e230-e114 m6e-7 m6e-9 m6e-c m6e-v\"><div class=\"x-row-inner\"><div class=\"x-col e230-e115 m6e-11\"><span class=\"x-image e230-e116 m6e-15\"><img decoding=\"async\" src=\"https:\/\/xn--yeblikkfang-fgb.no\/seminar\/wp-content\/uploads\/2016\/09\/MarieS-pressebilde_1000px.jpg\" width=\"1000\" height=\"1000\" alt=\"Foto: Trine Hisdal\" loading=\"lazy\"><\/span><\/div><div class=\"x-col e230-e117 m6e-11\"><div class=\"x-text x-content e230-e118 m6e-12 m6e-13\"><h3>Marie Sj&oslash;vold<\/h3><\/div><div class=\"x-text x-content e230-e119 m6e-12 m6e-14\"><h6>Artist<\/h6><\/div><div class=\"x-text x-content e230-e120 m6e-12 m6e-13\"><p><a href=\"mailto:info@mariesjovold.no\"> <i  class=\"x-icon x-icon-envelope-o\" style=\"text-align: center;      margin: 0 2px; font-size: 1.75em;\" data-x-icon-s=\"&#xf0e0;\" aria-hidden=\"true\"><\/i> <\/a><a href=\"http:\/\/mariesjovold.no\"> <i  class=\"x-icon x-icon-home\" style=\"text-align: center;      margin: 0 2px; font-size: 1.75em;\" data-x-icon-s=\"&#xf015;\" aria-hidden=\"true\"><\/i><\/a><br \/>\nPhotographer and Visual Artist<\/div><\/div><\/div><\/div><\/div><div class=\"x-section e230-e121 m6e-0 m6e-2 m6e-3 m6e-6\"><div class=\"x-row x-container max width e230-e122 m6e-7 m6e-8 m6e-a m6e-w\"><div class=\"x-row-inner\"><div class=\"x-col e230-e123 m6e-11\"><div class=\"x-text x-content e230-e124 m6e-12 m6e-13\"><h5>\"Dust catches Light\" &amp; \"Midnight Milk\"<\/h5>\n<p>In her two books <em>Dust catches light<\/em>\u00a0and <em>Midnight Milk<\/em>, Marie Sj\u00f8vold has photographed herself and her family to create intimate stories, investigating her own pregnancy, motherhood, time, dementia, standstill, home and loss.<\/p>\n<p>The books consist of and combine everyday observations and staged images. Sj\u00f8vold will talk about <em>Dust catches light<\/em>\u00a0and <em>Midnight Milk<\/em>, and focus on auto-biographical work, using the camera as a method to explore, understand and portray both physical and psychological issues.<br \/>\n<hr  class=\"x-hr\" ><\/p>\n<p style=\"text-align: left; font-size: 75%;\">Marie Sj\u00f8vold (b. 1982) is a Norwegian visual artist working mainly with photography and film. Sj\u00f8vold has published the books <em>Midnight Milk<\/em> (2015) and <em>Dust catches Light<\/em> (2011) at Journal Forlag, and has also self-published several books and catalogues. Her works have been exhibited at, amongst others, Deichtorhallen (Hamburg), Nobels Fredssenter (Oslo), Calouste Gulbenkian (Paris), H\u00e5 Gamle Presteg\u00e5rd (Stavanger), Fotografisk Center (Copenhagen), Galleri F15 (Jel\u00f8ya), Lumina Photo Festival 2012 (Lucca), Nasjonalbiblioteket (Oslo), le Bar Flor\u00e9al (Paris), Pingyao International Photofestival (China), Trafo Kunsthall (Asker) og Riga Photomonth (Riga).<\/p>\n<p style=\"text-align: left; font-size: 75%;\">Selected publications: <em>Midnight Milk<\/em> (Fall 2015, Journal Forlag), <em>Dust catches Light<\/em> (2011, Journal Forlag), Norwegian Journal of Photography (2013, Journal Forlag), <em>Pust<\/em> (2006, self-published) and\u00a0<em>Disappearing Hours<\/em> (2007, self-published).<\/p><\/div><\/div><\/div><\/div><\/div><div class=\"x-section e230-e125 m6e-0 m6e-3 m6e-4 m6e-5\" id=\"x-content-band-11\"><div class=\"x-row x-container max width e230-e126 m6e-7 m6e-9 m6e-c m6e-x\"><div class=\"x-row-inner\"><div class=\"x-col e230-e127 m6e-11\"><span class=\"x-image e230-e128 m6e-15\"><img decoding=\"async\" src=\"https:\/\/xn--yeblikkfang-fgb.no\/seminar\/wp-content\/uploads\/2016\/02\/LP_seminar_800x800px.jpg\" width=\"800\" height=\"800\" alt=\"Image\" loading=\"lazy\"><\/span><\/div><div class=\"x-col e230-e129 m6e-11\"><div class=\"x-text x-content e230-e130 m6e-12 m6e-13\"><h3>Lin Pr&oslash;itz<\/h3><\/div><div class=\"x-text x-content e230-e131 m6e-12 m6e-14\"><h6>Media &amp; gender researcher<\/h6><\/div><div class=\"x-text x-content e230-e132 m6e-12 m6e-13\"><p>Marie Curie Fellow, Visual Social Media Lab at Information School, The University of Sheffield, UK. Seminar organizer with Kristoffer Eliassen.<br \/>\n<a href=\"mailto:l.proitz@sheffield.ac.uk\"> <i  class=\"x-icon x-icon-envelope-o\" style=\"text-align: center;      margin: 0 2px; font-size: 1.75em;\" data-x-icon-s=\"&#xf0e0;\" aria-hidden=\"true\"><\/i> <\/a><a href=\"http:\/\/instagram.com\/linproitz\/\"> <i  class=\"x-icon x-icon-instagram\" style=\"text-align: center;      margin: 0 2px; font-size: 1.75em;\" data-x-icon-b=\"&#xf16d;\" aria-hidden=\"true\"><\/i><\/a><a href=\"https:\/\/www.linkedin.com\/in\/lin-pr\u00f8itz-86a23b22\"> <i  class=\"x-icon x-icon-linkedin-square\" style=\"text-align: center;      margin: 0 2px; font-size: 1.75em;\" data-x-icon-b=\"&#xf08c;\" aria-hidden=\"true\"><\/i><\/a><a href=\"skype:linproitz?call\"> <i  class=\"x-icon x-icon-skype\" style=\"text-align: center;      margin: 0 2px; font-size: 1.75em;\" data-x-icon-b=\"&#xf17e;\" aria-hidden=\"true\"><\/i> <\/a><a href=\"http:\/\/sheffield.academia.edu\/linpr\u00f8itz\"> <i  class=\"x-icon x-icon-font\" style=\"text-align: center;      margin: 0 2px; font-size: 1.75em;\" data-x-icon-s=\"&#xf031;\" aria-hidden=\"true\"><\/i> <\/a><a href=\"http:\/\/forskerkollektivet.no\"> <i  class=\"x-icon x-icon-home\" style=\"text-align: center;      margin: 0 2px; font-size: 1.75em;\" data-x-icon-s=\"&#xf015;\" aria-hidden=\"true\"><\/i><\/a><\/div><\/div><\/div><\/div><\/div><div class=\"x-section e230-e133 m6e-0 m6e-3 m6e-5 m6e-6\"><div class=\"x-row x-container max width e230-e134 m6e-7 m6e-8 m6e-a m6e-y\"><div class=\"x-row-inner\"><div class=\"x-col e230-e135 m6e-11\"><div class=\"x-text x-content e230-e136 m6e-12 m6e-13\"><h5>\"#selfies as a collective event\"<\/h5>\n<p>The desire to represent one-self in new manners has through history motivated people to make use of new technologies, to develop new genres and aesthetics. Photographic self-performances within art, popular culture and among ordinary people say something about the time and culture we live in. The #selfie has emerged as a global visual phenomenon which indicate something about our present time. Based on the Ebook Selvbilde: Fra selvportrett til #selfie [Self-image: from self-portrait to #selfie] I will discuss the selfie-phenomenon as a collective event.<hr  class=\"x-hr\" ><\/p>\n<p style=\"text-align: left; font-size: 75%;\">Dr. Lin Pr\u00f8itz, Degree PhD (2007) in Gender and Media Science, University of Oslo (UiO). Pr\u00f8itz was the first researcher in the Nordic countries who achieved a PhD in mobile telephony practices among youths in Gender and Media Studies, using small scale ethnographic inspired methods.<\/p>\n<p style=\"text-align: left; font-size: 75%;\">Her innovative research design and methods were rewarded with a post-doctoral scholarship (2008-2012) where Pr\u00f8itz further developed in-depth knowledge on gendered and sexual marginalized youths in digital media communication and practices. During her PhD and Post-doctoral research periods, she has had research stays abroad at UCBerkeley, City University of New York, University of London Birkbeck and University of Cape Town, all of which are highly recognised universities. Pr\u00f8itz\u2019 activities abroad, her extensive participation in academic and non-academic conferencess all over the world, her project managements in Telecom R&amp;I, coordination and management of Joint Nordic Platform (2013-11), have given Pr\u00f8itz an active, large and multifaceted network internationally. In addition to her academic carrieer, Pr\u00f8itz has been working as a Consultant for the Norwegian Directorate for Education, with specific contributions to guidance material for teachers teaching gender, sexuality and new media in elementary school (2009); as a Researcher in Telenor Research &amp; Innovation, developing knowledge on rural and urban youths mobile media practices; and as a Senior Researcher at the Norwegian Institute of Children\u2019s Books, particularly developing knowledge on how literary production processes are being influenced by the digitalization of the culture. Pr\u00f8itz has been questioning and expressing inclusion and exclusion power-mechanisms in various ways, for instance materialized in art-installations; in photography; in collaboration with other artist; as well as supervising students. Pr\u00f8itz is originally educated a photographer.<\/p><\/div><\/div><\/div><\/div><\/div><div class=\"x-section e230-e137 m6e-0 m6e-2 m6e-3 m6e-4\" id=\"x-content-band-12\"><div class=\"x-row x-container max width e230-e138 m6e-7 m6e-9 m6e-c m6e-z\"><div class=\"x-row-inner\"><div class=\"x-col e230-e139 m6e-11\"><span class=\"x-image e230-e140 m6e-15\"><img decoding=\"async\" src=\"https:\/\/xn--yeblikkfang-fgb.no\/seminar\/wp-content\/uploads\/2016\/09\/FIOLINK3.png\" width=\"378\" height=\"500\" alt=\"Image\" loading=\"lazy\"><\/span><\/div><div class=\"x-col e230-e141 m6e-11\"><div class=\"x-text x-content e230-e142 m6e-12 m6e-13\"><h3>Kristoffer Eliassen<\/h3><\/div><div class=\"x-text x-content e230-e143 m6e-12 m6e-14\"><h6>Artist<\/h6><\/div><div class=\"x-text x-content e230-e144 m6e-12 m6e-13\"><p>Visual artist, freelance photographer\u00a0and\u00a0graphic designer based in Oslo, Norway. Seminar organizer with Lin Pr\u00f8itz.<br \/>\n<a href=\"mailto:keliassen@gmail.com\"> <i  class=\"x-icon x-icon-envelope-o\" style=\"text-align: center;      margin: 0 2px; font-size: 1.75em;\" data-x-icon-s=\"&#xf0e0;\" aria-hidden=\"true\"><\/i> <\/a><a href=\"http:\/\/instagram.com\/kristoffer71\/\"> <i  class=\"x-icon x-icon-instagram\" style=\"text-align: center;      margin: 0 2px; font-size: 1.75em;\" data-x-icon-b=\"&#xf16d;\" aria-hidden=\"true\"><\/i><\/a><a href=\"https:\/\/www.linkedin.com\/in\/keliassen\"> <i  class=\"x-icon x-icon-linkedin-square\" style=\"text-align: center;      margin: 0 2px; font-size: 1.75em;\" data-x-icon-b=\"&#xf08c;\" aria-hidden=\"true\"><\/i><\/a><a href=\"skype:keliassen?call\"> <i  class=\"x-icon x-icon-skype\" style=\"text-align: center;      margin: 0 2px; font-size: 1.75em;\" data-x-icon-b=\"&#xf17e;\" aria-hidden=\"true\"><\/i> <\/a><a href=\"http:\/\/kristoffereliassen.no\"> <i  class=\"x-icon x-icon-home\" style=\"text-align: center;      margin: 0 2px; font-size: 1.75em;\" data-x-icon-s=\"&#xf015;\" aria-hidden=\"true\"><\/i><\/a><\/div><\/div><\/div><\/div><\/div><div class=\"x-section e230-e145 m6e-0 m6e-2 m6e-3 m6e-6\"><div class=\"x-row x-container max width e230-e146 m6e-7 m6e-8 m6e-a m6e-10\"><div class=\"x-row-inner\"><div class=\"x-col e230-e147 m6e-11\"><div class=\"x-text x-content e230-e148 m6e-12 m6e-13\"><h5>\"Self-Phone\"<\/h5>\n<p>Kristoffer Eliassen will talk about his staged photographs from the early 1990s to recent works. The presentation will focus on his fascination for technology, and how technology relates to identity in his self-staged images.<br \/>\n<hr  class=\"x-hr\" ><\/p>\n<p style=\"text-align: left; font-size: 75%;\">Kristoffer Eliassen (born 1971 in Oslo, Norway) holds a Master's degree in Photography\u00a0from\u00a0Bergen Academy of Art and Design (1999). His project about selfies <a href=\"https:\/\/www.worldphoto.org\/sony-world-photography-awards\/winners-galleries\/2016\/professional\/winners\/staged\/3rd-place\" target=\"_blank\" rel=\"noopener\"><span style=\"color: #009fe3;\">won 3rd prize in the category <em>Staged<\/em> at the 2016 Sony World Photography Awards<\/span><\/a>. The project forms part of <span style=\"color: #009fe3;\"><a style=\"color: #009fe3;\" href=\"https:\/\/itunes.apple.com\/no\/book\/selvbilde\/id1151011979?mt=11\" target=\"_blank\" rel=\"noopener\">the exploratory ebook <em>Selvbilde <\/em>(<em>Self-Image<\/em>)<\/a><\/span> by L. Pr\u00f8itz (author) and K. Eliassen (photo, design, production). The ebook and Eliassen's photo series will be a part of the exhibition <em>#Jeg<\/em> (<em>#Me<\/em>) at Preus Museum.\u00a0Kristoffer also has a background as a\u00a0Graphic Designer &amp; UX Designer at\u00a0Telenor \/ Canal Digital (2000-2013).<\/p><\/div><\/div><\/div><\/div><\/div><\/div>\n","protected":false},"excerpt":{"rendered":"<p>Please follow\u00a0\u00d8yeblikkfang&#8217;s Facebook page for further information and updates regarding the seminar.Prof. Larissa HjorthArtist \/ Digital ethnographerSchool of Media &amp; Communication, RMIT University, Melbourne (AU) &laquo;Selfie-as-eulogy: Affective witnessing, intimate publics &#8230;<\/p>\n","protected":false},"author":1,"featured_media":0,"parent":0,"menu_order":0,"comment_status":"closed","ping_status":"closed","template":"template-blank-4.php","meta":{"footnotes":""},"_links":{"self":[{"href":"https:\/\/xn--yeblikkfang-fgb.no\/seminar\/wp-json\/wp\/v2\/pages\/230"}],"collection":[{"href":"https:\/\/xn--yeblikkfang-fgb.no\/seminar\/wp-json\/wp\/v2\/pages"}],"about":[{"href":"https:\/\/xn--yeblikkfang-fgb.no\/seminar\/wp-json\/wp\/v2\/types\/page"}],"author":[{"embeddable":true,"href":"https:\/\/xn--yeblikkfang-fgb.no\/seminar\/wp-json\/wp\/v2\/users\/1"}],"replies":[{"embeddable":true,"href":"https:\/\/xn--yeblikkfang-fgb.no\/seminar\/wp-json\/wp\/v2\/comments?post=230"}],"version-history":[{"count":451,"href":"https:\/\/xn--yeblikkfang-fgb.no\/seminar\/wp-json\/wp\/v2\/pages\/230\/revisions"}],"predecessor-version":[{"id":1204,"href":"https:\/\/xn--yeblikkfang-fgb.no\/seminar\/wp-json\/wp\/v2\/pages\/230\/revisions\/1204"}],"wp:attachment":[{"href":"https:\/\/xn--yeblikkfang-fgb.no\/seminar\/wp-json\/wp\/v2\/media?parent=230"}],"curies":[{"name":"wp","href":"https:\/\/api.w.org\/{rel}","templated":true}]}}